{"id":1990,"date":"2021-03-05T11:31:56","date_gmt":"2021-03-05T10:31:56","guid":{"rendered":"https:\/\/www.premioborciani.it\/?post_type=quartetto&#038;p=1990"},"modified":"2021-06-05T12:21:18","modified_gmt":"2021-06-05T10:21:18","slug":"mona-quartet","status":"publish","type":"quartetto","link":"https:\/\/www.premioborciani.it\/en\/quartetto\/mona-quartet\/","title":{"rendered":"Mona Quartet"},"content":{"rendered":"\n<p><\/p>\n\n\n\n<p><strong>Verena Chen<\/strong>,<strong> violin<\/strong><br><strong>Charlotte Chahuneau<\/strong>, <strong>violin<br>Arianna Smith, viola<br>Elia Cohen Weissert, cello<\/strong><\/p>\n\n\n\n<h2 class=\"has-text-align-center wp-block-heading\">Biography<\/h2>\n\n\n\n<p>&#8220;An energy never seen in the string quartet genre. The communication is so alive and so&nbsp;&nbsp;beautiful to watch, generously giving the audience access to the splendors of&nbsp;&nbsp;the score.\u201d <br>Hubert Stoecklin, <em>Classique News <\/em><br><br>Founded in 2018 at the Conservatoire National Sup\u00e9rieur de Musique de Paris, Mona Quartet represents the unity of four international musical personalities, establishing immediately a presence in the French capital at such venues as the Pierre Boulez Hall of the Philharmonie de Paris, the Petit Palais, Salle Cortot, Radio France\u2019s Studio 104 as well as a feature on \u201cG\u00e9n\u00e9rations France Musique.\u201d In January 2020, they were selected among the most promising young quartets from the world to perform at the Biennale of String Quartets at the Cit\u00e9 de la Musique. The quartet has performed with artists such as Emmanuel Pahud, Abdel Rahman El Bacha, Paul Meyer, Philippe Graffin and Marie-Joseph Jude, giving debut concerts at the Edinburgh International Festival, Festival de Salon-de-Provence, J\u00e9r\u00f4me Pernoo\u2019s Festival \u201cLes Vacances de Monsieur Haydn\u201d, Festival Debussy and Festival de Dinard. Mesmerised by their talent after their debut at Musique \u00e0 Flaine, the pianist and composer Abdel Rahman El Bacha dedicated his piece&nbsp;<em>Pr\u00e9lude \u00e0 cordes<\/em>&nbsp;to the young quartet and invited them to perform at the Royal Theatre in Brussels, broadcasted on Musiq3 during the Classissimo Festival. In the 2020\/2021 season, they will give recitals at the Elbphilharmonie Laeiszhalle Hamburg, the Festival Quartettissimo in Hungary, and many more.&nbsp;&nbsp;<br>In 2019, they have been named Artists in Residence at ProQuartet in Paris, the Foundation Villa Musica in Germany, Dimore del Quartetto in Italy, Live Music Now and the Escuela Reina Sofia in Madrid with G\u00fcnther Pichler (Alban Berg Quartet). Since their formation, the quartet has worked with musical pedagogues such as Luc-Marie Aguera (Quatuor Ysa\u00ffe), Fran\u00e7ois Salque, J\u00e9r\u00f4me Pernoo, Modigliani Quartet, Mathieu Herzog (Eb\u00e8ne Quartet), Valentin Erben (Alban Berg String Quartet), Rainer Schmidt (Hagen Quartet) and Martin Beaver (Tokyo String Quartet).&nbsp;<br>The quartet has been awarded a prize at the Philharmonie de Paris\u2019 3rd Annual Tremplin as well as&nbsp;the Prix de l\u2019Orangerie de Sceaux and the Prix du M\u00e9jan from their time at the Festival Ravel.<\/p>\n\n\n\n<div class=\"wp-block-buttons is-layout-flex wp-block-buttons-is-layout-flex\">\n<div class=\"wp-block-button\"><a class=\"wp-block-button__link has-background\" href=\"https:\/\/www.quatuormona.com\" style=\"background-color:#0e0e0e\">link to Mona Quartet website<\/a><\/div>\n<\/div>\n\n\n\n<h2 class=\"has-text-align-center wp-block-heading\">Gallery<\/h2>\n\n\n\n<figure class=\"wp-block-gallery columns-2 is-cropped wp-block-gallery-1 is-layout-flex wp-block-gallery-is-layout-flex\"><ul class=\"blocks-gallery-grid\"><li class=\"blocks-gallery-item\"><figure><a href=\"https:\/\/www.premioborciani.it\/wp-content\/uploads\/\/Q-Mona-1-1024x683.jpg\"><img loading=\"lazy\" decoding=\"async\" width=\"1024\" height=\"683\" src=\"https:\/\/www.premioborciani.it\/wp-content\/uploads\/\/Q-Mona-1-1024x683.jpg\" alt=\"\" data-id=\"1992\" data-link=\"https:\/\/www.premioborciani.it\/en\/?attachment_id=1992\" class=\"wp-image-1992\" srcset=\"https:\/\/www.premioborciani.it\/wp-content\/uploads\/Q-Mona-1-1024x683.jpg 1024w, https:\/\/www.premioborciani.it\/wp-content\/uploads\/Q-Mona-1-300x200.jpg 300w, https:\/\/www.premioborciani.it\/wp-content\/uploads\/Q-Mona-1-768x512.jpg 768w, https:\/\/www.premioborciani.it\/wp-content\/uploads\/Q-Mona-1-600x400.jpg 600w, https:\/\/www.premioborciani.it\/wp-content\/uploads\/Q-Mona-1.jpg 1500w\" sizes=\"(max-width: 1024px) 100vw, 1024px\" \/><\/a><\/figure><\/li><li class=\"blocks-gallery-item\"><figure><a href=\"https:\/\/www.premioborciani.it\/wp-content\/uploads\/Mona-2.jpeg\"><img loading=\"lazy\" decoding=\"async\" width=\"1024\" height=\"683\" src=\"https:\/\/www.premioborciani.it\/wp-content\/uploads\/\/Mona-2-1024x683.jpeg\" alt=\"\" data-id=\"1994\" data-full-url=\"https:\/\/www.premioborciani.it\/wp-content\/uploads\/Mona-2.jpeg\" data-link=\"https:\/\/www.premioborciani.it\/en\/?attachment_id=1994\" class=\"wp-image-1994\" srcset=\"https:\/\/www.premioborciani.it\/wp-content\/uploads\/Mona-2-1024x683.jpeg 1024w, https:\/\/www.premioborciani.it\/wp-content\/uploads\/Mona-2-300x200.jpeg 300w, https:\/\/www.premioborciani.it\/wp-content\/uploads\/Mona-2-768x512.jpeg 768w, https:\/\/www.premioborciani.it\/wp-content\/uploads\/Mona-2-600x400.jpeg 600w, https:\/\/www.premioborciani.it\/wp-content\/uploads\/Mona-2.jpeg 1500w\" sizes=\"(max-width: 1024px) 100vw, 1024px\" \/><\/a><\/figure><\/li><\/ul><figcaption class=\"blocks-gallery-caption\">                                                                                                                                                                                                                                                                                                                                                                                              <\/figcaption><\/figure>\n\n\n\n<p><\/p>\n","protected":false},"featured_media":1996,"template":"","acf":[],"yoast_head":"<!-- This site is optimized with the Yoast SEO plugin v24.5 - https:\/\/yoast.com\/wordpress\/plugins\/seo\/ -->\n<title>Mona Quartet - Premio Borciani<\/title>\n<meta name=\"robots\" content=\"noindex, follow\" \/>\n<meta property=\"og:locale\" content=\"en_US\" \/>\n<meta property=\"og:type\" content=\"article\" \/>\n<meta property=\"og:title\" content=\"Mona Quartet - Premio Borciani\" \/>\n<meta property=\"og:description\" content=\"Verena Chen, violinCharlotte Chahuneau, violinArianna Smith, violaElia Cohen Weissert, cello Biography &#8220;An energy never seen in the string quartet genre. The communication is so alive and so&nbsp;&nbsp;beautiful to watch, generously giving the audience access to the splendors of&nbsp;&nbsp;the score.\u201d Hubert Stoecklin, Classique News Founded in 2018 at the Conservatoire National Sup\u00e9rieur de Musique de Paris, [&hellip;]\" \/>\n<meta property=\"og:url\" content=\"https:\/\/www.premioborciani.it\/quartetto\/quartetto-mona\/\" \/>\n<meta property=\"og:site_name\" content=\"Premio Borciani\" \/>\n<meta property=\"article:publisher\" content=\"https:\/\/www.facebook.com\/iteatri\" \/>\n<meta property=\"article:modified_time\" content=\"2021-06-05T10:21:18+00:00\" \/>\n<meta property=\"og:image\" content=\"https:\/\/www.premioborciani.it\/wp-content\/uploads\/Mona2.jpg\" \/>\n\t<meta property=\"og:image:width\" content=\"1500\" \/>\n\t<meta property=\"og:image:height\" content=\"789\" \/>\n\t<meta property=\"og:image:type\" content=\"image\/jpeg\" \/>\n<meta name=\"twitter:card\" content=\"summary_large_image\" \/>\n<meta name=\"twitter:label1\" content=\"Est. reading time\" \/>\n\t<meta name=\"twitter:data1\" content=\"2 minutes\" \/>\n<script type=\"application\/ld+json\" class=\"yoast-schema-graph\">{\"@context\":\"https:\/\/schema.org\",\"@graph\":[{\"@type\":\"WebPage\",\"@id\":\"https:\/\/www.premioborciani.it\/quartetto\/quartetto-mona\/\",\"url\":\"https:\/\/www.premioborciani.it\/quartetto\/quartetto-mona\/\",\"name\":\"Mona Quartet - Premio Borciani\",\"isPartOf\":{\"@id\":\"https:\/\/www.premioborciani.it\/#website\"},\"primaryImageOfPage\":{\"@id\":\"https:\/\/www.premioborciani.it\/quartetto\/quartetto-mona\/#primaryimage\"},\"image\":{\"@id\":\"https:\/\/www.premioborciani.it\/quartetto\/quartetto-mona\/#primaryimage\"},\"thumbnailUrl\":\"https:\/\/www.premioborciani.it\/wp-content\/uploads\/Mona2.jpg\",\"datePublished\":\"2021-03-05T10:31:56+00:00\",\"dateModified\":\"2021-06-05T10:21:18+00:00\",\"breadcrumb\":{\"@id\":\"https:\/\/www.premioborciani.it\/quartetto\/quartetto-mona\/#breadcrumb\"},\"inLanguage\":\"en-US\",\"potentialAction\":[{\"@type\":\"ReadAction\",\"target\":[\"https:\/\/www.premioborciani.it\/quartetto\/quartetto-mona\/\"]}]},{\"@type\":\"ImageObject\",\"inLanguage\":\"en-US\",\"@id\":\"https:\/\/www.premioborciani.it\/quartetto\/quartetto-mona\/#primaryimage\",\"url\":\"https:\/\/www.premioborciani.it\/wp-content\/uploads\/Mona2.jpg\",\"contentUrl\":\"https:\/\/www.premioborciani.it\/wp-content\/uploads\/Mona2.jpg\",\"width\":1500,\"height\":789},{\"@type\":\"BreadcrumbList\",\"@id\":\"https:\/\/www.premioborciani.it\/quartetto\/quartetto-mona\/#breadcrumb\",\"itemListElement\":[{\"@type\":\"ListItem\",\"position\":1,\"name\":\"Home\",\"item\":\"https:\/\/www.premioborciani.it\/en\/\"},{\"@type\":\"ListItem\",\"position\":2,\"name\":\"Quartetti\",\"item\":\"https:\/\/www.premioborciani.it\/en\/quartetto\/\"},{\"@type\":\"ListItem\",\"position\":3,\"name\":\"Mona Quartet\"}]},{\"@type\":\"WebSite\",\"@id\":\"https:\/\/www.premioborciani.it\/#website\",\"url\":\"https:\/\/www.premioborciani.it\/\",\"name\":\"Premio Borciani\",\"description\":\"Sito del Premio Borciani\",\"publisher\":{\"@id\":\"https:\/\/www.premioborciani.it\/#organization\"},\"potentialAction\":[{\"@type\":\"SearchAction\",\"target\":{\"@type\":\"EntryPoint\",\"urlTemplate\":\"https:\/\/www.premioborciani.it\/?s={search_term_string}\"},\"query-input\":{\"@type\":\"PropertyValueSpecification\",\"valueRequired\":true,\"valueName\":\"search_term_string\"}}],\"inLanguage\":\"en-US\"},{\"@type\":\"Organization\",\"@id\":\"https:\/\/www.premioborciani.it\/#organization\",\"name\":\"Premio Borciani - Concorso Internazionale\",\"url\":\"https:\/\/www.premioborciani.it\/\",\"logo\":{\"@type\":\"ImageObject\",\"inLanguage\":\"en-US\",\"@id\":\"https:\/\/www.premioborciani.it\/#\/schema\/logo\/image\/\",\"url\":\"https:\/\/www.premioborciani.it\/wp-content\/uploads\/logo-premio-borciani.svg\",\"contentUrl\":\"https:\/\/www.premioborciani.it\/wp-content\/uploads\/logo-premio-borciani.svg\",\"width\":59,\"height\":134,\"caption\":\"Premio Borciani - Concorso Internazionale\"},\"image\":{\"@id\":\"https:\/\/www.premioborciani.it\/#\/schema\/logo\/image\/\"},\"sameAs\":[\"https:\/\/www.facebook.com\/iteatri\",\"https:\/\/www.instagram.com\/iteatri_reggioemilia\/\",\"https:\/\/www.youtube.com\/channel\/UCbPA7Pip_KvV6qwnTZePiaw\"]}]}<\/script>\n<!-- \/ Yoast SEO plugin. -->","yoast_head_json":{"title":"Mona Quartet - Premio Borciani","robots":{"index":"noindex","follow":"follow"},"og_locale":"en_US","og_type":"article","og_title":"Mona Quartet - Premio Borciani","og_description":"Verena Chen, violinCharlotte Chahuneau, violinArianna Smith, violaElia Cohen Weissert, cello Biography &#8220;An energy never seen in the string quartet genre. The communication is so alive and so&nbsp;&nbsp;beautiful to watch, generously giving the audience access to the splendors of&nbsp;&nbsp;the score.\u201d Hubert Stoecklin, Classique News Founded in 2018 at the Conservatoire National Sup\u00e9rieur de Musique de Paris, [&hellip;]","og_url":"https:\/\/www.premioborciani.it\/quartetto\/quartetto-mona\/","og_site_name":"Premio Borciani","article_publisher":"https:\/\/www.facebook.com\/iteatri","article_modified_time":"2021-06-05T10:21:18+00:00","og_image":[{"width":1500,"height":789,"url":"https:\/\/www.premioborciani.it\/wp-content\/uploads\/Mona2.jpg","type":"image\/jpeg"}],"twitter_card":"summary_large_image","twitter_misc":{"Est. reading time":"2 minutes"},"schema":{"@context":"https:\/\/schema.org","@graph":[{"@type":"WebPage","@id":"https:\/\/www.premioborciani.it\/quartetto\/quartetto-mona\/","url":"https:\/\/www.premioborciani.it\/quartetto\/quartetto-mona\/","name":"Mona Quartet - Premio Borciani","isPartOf":{"@id":"https:\/\/www.premioborciani.it\/#website"},"primaryImageOfPage":{"@id":"https:\/\/www.premioborciani.it\/quartetto\/quartetto-mona\/#primaryimage"},"image":{"@id":"https:\/\/www.premioborciani.it\/quartetto\/quartetto-mona\/#primaryimage"},"thumbnailUrl":"https:\/\/www.premioborciani.it\/wp-content\/uploads\/Mona2.jpg","datePublished":"2021-03-05T10:31:56+00:00","dateModified":"2021-06-05T10:21:18+00:00","breadcrumb":{"@id":"https:\/\/www.premioborciani.it\/quartetto\/quartetto-mona\/#breadcrumb"},"inLanguage":"en-US","potentialAction":[{"@type":"ReadAction","target":["https:\/\/www.premioborciani.it\/quartetto\/quartetto-mona\/"]}]},{"@type":"ImageObject","inLanguage":"en-US","@id":"https:\/\/www.premioborciani.it\/quartetto\/quartetto-mona\/#primaryimage","url":"https:\/\/www.premioborciani.it\/wp-content\/uploads\/Mona2.jpg","contentUrl":"https:\/\/www.premioborciani.it\/wp-content\/uploads\/Mona2.jpg","width":1500,"height":789},{"@type":"BreadcrumbList","@id":"https:\/\/www.premioborciani.it\/quartetto\/quartetto-mona\/#breadcrumb","itemListElement":[{"@type":"ListItem","position":1,"name":"Home","item":"https:\/\/www.premioborciani.it\/en\/"},{"@type":"ListItem","position":2,"name":"Quartetti","item":"https:\/\/www.premioborciani.it\/en\/quartetto\/"},{"@type":"ListItem","position":3,"name":"Mona Quartet"}]},{"@type":"WebSite","@id":"https:\/\/www.premioborciani.it\/#website","url":"https:\/\/www.premioborciani.it\/","name":"Premio Borciani","description":"Sito del Premio Borciani","publisher":{"@id":"https:\/\/www.premioborciani.it\/#organization"},"potentialAction":[{"@type":"SearchAction","target":{"@type":"EntryPoint","urlTemplate":"https:\/\/www.premioborciani.it\/?s={search_term_string}"},"query-input":{"@type":"PropertyValueSpecification","valueRequired":true,"valueName":"search_term_string"}}],"inLanguage":"en-US"},{"@type":"Organization","@id":"https:\/\/www.premioborciani.it\/#organization","name":"Premio Borciani - Concorso Internazionale","url":"https:\/\/www.premioborciani.it\/","logo":{"@type":"ImageObject","inLanguage":"en-US","@id":"https:\/\/www.premioborciani.it\/#\/schema\/logo\/image\/","url":"https:\/\/www.premioborciani.it\/wp-content\/uploads\/logo-premio-borciani.svg","contentUrl":"https:\/\/www.premioborciani.it\/wp-content\/uploads\/logo-premio-borciani.svg","width":59,"height":134,"caption":"Premio Borciani - Concorso Internazionale"},"image":{"@id":"https:\/\/www.premioborciani.it\/#\/schema\/logo\/image\/"},"sameAs":["https:\/\/www.facebook.com\/iteatri","https:\/\/www.instagram.com\/iteatri_reggioemilia\/","https:\/\/www.youtube.com\/channel\/UCbPA7Pip_KvV6qwnTZePiaw"]}]}},"_links":{"self":[{"href":"https:\/\/www.premioborciani.it\/en\/wp-json\/wp\/v2\/quartetto\/1990"}],"collection":[{"href":"https:\/\/www.premioborciani.it\/en\/wp-json\/wp\/v2\/quartetto"}],"about":[{"href":"https:\/\/www.premioborciani.it\/en\/wp-json\/wp\/v2\/types\/quartetto"}],"wp:featuredmedia":[{"embeddable":true,"href":"https:\/\/www.premioborciani.it\/en\/wp-json\/wp\/v2\/media\/1996"}],"wp:attachment":[{"href":"https:\/\/www.premioborciani.it\/en\/wp-json\/wp\/v2\/media?parent=1990"}],"curies":[{"name":"wp","href":"https:\/\/api.w.org\/{rel}","templated":true}]}}